



{"id":450,"date":"2019-03-28T12:45:20","date_gmt":"2019-03-28T11:45:20","guid":{"rendered":"https:\/\/www.masciarelli.it\/?page_id=450"},"modified":"2021-05-11T21:54:46","modified_gmt":"2021-05-11T19:54:46","slug":"pescara","status":"publish","type":"page","link":"http:\/\/www.masciarelli.it\/da\/le-tenute\/pescara\/","title":{"rendered":"Pescara"},"content":{"rendered":"<div id=\"fws_69f2067a7a2ad\"  data-midnight=\"dark\"  data-bg-mobile-hidden=\"\" class=\"wpb_row vc_row-fluid vc_row top-level  vc_row-o-equal-height vc_row-flex  vc_row-o-content-middle standard_section\"  style=\"padding-top: 0px; padding-bottom: 0px; \"><div class=\"row-bg-wrap\" data-bg-animation=\"none\"><div class=\"inner-wrap\"><div class=\"row-bg  using-bg-color\"  style=\"background-color: #ffffff; \"><\/div><\/div><div class=\"row-bg-overlay\" ><\/div><\/div><div class=\"col span_12 dark left\">\n\t<div  class=\"vc_col-sm-12 wpb_column column_container vc_column_container col no-extra-padding\"  data-t-w-inherits=\"default\" data-border-radius=\"none\" data-shadow=\"none\" data-border-animation=\"\" data-border-animation-delay=\"\" data-border-width=\"none\" data-border-style=\"solid\" data-border-color=\"\" data-bg-cover=\"\" data-padding-pos=\"all\" data-has-bg-color=\"false\" data-bg-color=\"\" data-bg-opacity=\"1\" data-hover-bg=\"\" data-hover-bg-opacity=\"1\" data-animation=\"\" data-delay=\"0\"><div class=\"column-bg-overlay\"><\/div>\n\t\t<div class=\"vc_column-inner\">\n\t\t\t<div class=\"wpb_wrapper\">\n\t\t\t\t\n    \t<div id=\"fws_69f2067a7a602\" data-midnight=\"\" data-column-margin=\"none\" data-bg-mobile-hidden=\"\" class=\"wpb_row vc_row-fluid vc_row inner_row  vc_row-o-equal-height vc_row-flex  vc_row-o-content-middle standard_section\"  style=\"padding-top: 0px; padding-bottom: 0px; \"><div class=\"row-bg-wrap\"> <div class=\"row-bg\"  style=\"\"><\/div> <\/div><div class=\"col span_12  left\">\n\t<div style=\"\" class=\"vc_col-sm-5 vc_col-md-5 vc_col-xs-12 wpb_column column_container vc_column_container col centered-text padding-5-percent\"  data-using-bg=\"true\" data-t-w-inherits=\"default\" data-shadow=\"none\" data-border-radius=\"none\" data-border-animation=\"\" data-border-animation-delay=\"\" data-border-width=\"none\" data-border-style=\"solid\" data-border-color=\"\" data-bg-cover=\"\" data-padding-pos=\"all\" data-has-bg-color=\"true\" data-bg-color=\"#f5f6f8\" data-bg-opacity=\"1\" data-hover-bg=\"\" data-hover-bg-opacity=\"1\" data-animation=\"\" data-delay=\"0\"><div class=\"column-bg-overlay\" style=\"opacity: 1; background-color: #f5f6f8;\"><\/div>\n\t\t<div class=\"vc_column-inner\">\n\t\t<div class=\"wpb_wrapper\">\n\t\t\t<h1 style=\"font-size: 40px;line-height: 50px;text-align: left\" class=\"vc_custom_heading\" >Provincia di Pescara<\/h1>\n\t<div class=\"wpb_text_column wpb_content_element  vc_custom_1554528234303 text-justify\" >\n\t\t<div class=\"wpb_wrapper\">\n\t\t\t<p>Provinsen Pescara har et areal p\u00e5 1.225 km2 og str\u00e6kker sig i form af en kile fra Adriaterhavskysten til toppen af den centrale Apennines-bjergk\u00e6de, hvilket sammen morfologien af de dominerende temaer i Abruzzo. Fra et geomorfologisk og geolitologisk synspunkt er der to omr\u00e5der. Det ydre bjergomr\u00e5de ved kysten kendetegnet ved lerbakker skr\u00e5nende mod havet, og det indre bjergomr\u00e5de best\u00e5ende af Appennin-bjerge af carboniseret natur.<\/p>\n<p>Apennin-bjergene inkluderer den nord\u00f8stlige side af Morrone, den nordvestlige sektor af Majella pr\u00e6get af dybe dale og spektakul\u00e6re kl\u00f8fter, og den yderste syd\u00f8stlige fod af Gran Sasso d'Italia. Det vigtigste hovedvandomr\u00e5de er Capo Pescara, n\u00e6r byen Popoli, i en h\u00f8jde af omkring 250 m over havets overflade.<\/p>\n\n\t\t<\/div>\n\t<\/div>\n\n\t\t<\/div> \n\t<\/div>\n\t<\/div> \n\n\t<div style=\"\" class=\"vc_col-sm-3 vc_col-md-3 vc_col-xs-6 wpb_column column_container vc_column_container col centered-text no-extra-padding\"  data-using-bg=\"true\" data-t-w-inherits=\"default\" data-shadow=\"none\" data-border-radius=\"none\" data-border-animation=\"\" data-border-animation-delay=\"\" data-border-width=\"none\" data-border-style=\"solid\" data-border-color=\"\" data-bg-cover=\"\" data-padding-pos=\"all\" data-has-bg-color=\"true\" data-bg-color=\"#d5c1b1\" data-bg-opacity=\"1\" data-hover-bg=\"\" data-hover-bg-opacity=\"1\" data-animation=\"\" data-delay=\"0\"><div class=\"column-bg-overlay\" style=\"opacity: 1; background-color: #d5c1b1;\"><\/div>\n\t\t<div class=\"vc_column-inner\">\n\t\t<div class=\"wpb_wrapper\">\n\t\t\t<div class=\"nectar-fancy-ul\" data-list-icon=\"none\" data-animation=\"false\" data-animation-delay=\"0\" data-color=\"accent-color\" data-alignment=\"left\"> \n<ul class=\"lista-comuni-tenute\">\n<li>\n<h4><a href=\"#loreto\">01 Loreto Aprutino<\/a><\/h4>\n<\/li>\n<\/ul>\n <\/div>\n\t\t<\/div> \n\t<\/div>\n\t<\/div> \n\n\t<div style=\"\" class=\"vc_col-sm-4 vc_col-md-4 vc_col-xs-6 wpb_column column_container vc_column_container col padding-3-percent\"  data-using-bg=\"true\" data-t-w-inherits=\"default\" data-shadow=\"none\" data-border-radius=\"none\" data-border-animation=\"\" data-border-animation-delay=\"\" data-border-width=\"none\" data-border-style=\"solid\" data-border-color=\"\" data-bg-cover=\"\" data-padding-pos=\"all\" data-has-bg-color=\"true\" data-bg-color=\"#d5c1b1\" data-bg-opacity=\"1\" data-hover-bg=\"\" data-hover-bg-opacity=\"1\" data-animation=\"\" data-delay=\"0\"><div class=\"column-bg-overlay\" style=\"opacity: 1; background-color: #d5c1b1;\"><\/div>\n\t\t<div class=\"vc_column-inner\">\n\t\t<div class=\"wpb_wrapper\">\n\t\t\t<div class=\"img-with-aniamtion-wrap center\" data-max-width=\"100%\" data-border-radius=\"none\"><div class=\"inner\"><img data-shadow=\"none\" data-shadow-direction=\"middle\" class=\"img-with-animation skip-lazy\" data-delay=\"0\" height=\"488\" width=\"521\"  data-animation=\"fade-in\" src=\"https:\/\/www.masciarelli.it\/wp-content\/uploads\/2019\/04\/provincia-di-pescara.png\" srcset=\"https:\/\/www.masciarelli.it\/wp-content\/uploads\/2019\/04\/provincia-di-pescara.png 521w, https:\/\/www.masciarelli.it\/wp-content\/uploads\/2019\/04\/provincia-di-pescara-300x281.png 300w\" sizes=\"100vw\" alt=\"Infografica Tenute nella provincia di Pescara\" \/><\/div><\/div>\n\t\t<\/div> \n\t<\/div>\n\t<\/div> \n<\/div><\/div>\n\t\t\t<\/div> \n\t\t<\/div>\n\t<\/div> \n<\/div><\/div>\n\t\t<div id=\"loreto\"  data-midnight=\"dark\"  data-bg-mobile-hidden=\"\" class=\"wpb_row vc_row-fluid vc_row standard_section\"  style=\"padding-top: 0px; padding-bottom: 0px; \"><div class=\"row-bg-wrap\" data-bg-animation=\"none\"><div class=\"inner-wrap\"><div class=\"row-bg\"  style=\"\"><\/div><\/div><div class=\"row-bg-overlay\" ><\/div><\/div><div class=\"col span_12 dark left\">\n\t<div style=\"\" class=\"vc_col-sm-12 wpb_column column_container vc_column_container col no-extra-padding\" data-using-bg=\"true\" data-t-w-inherits=\"default\" data-border-radius=\"none\" data-shadow=\"none\" data-border-animation=\"\" data-border-animation-delay=\"\" data-border-width=\"none\" data-border-style=\"solid\" data-border-color=\"\" data-bg-cover=\"\" data-padding-pos=\"all\" data-has-bg-color=\"true\" data-bg-color=\"#f5f6f8\" data-bg-opacity=\"1\" data-hover-bg=\"\" data-hover-bg-opacity=\"1\" data-animation=\"\" data-delay=\"0\"><div class=\"column-bg-overlay\" style=\"opacity: 1; background-color: #f5f6f8;\"><\/div>\n\t\t<div class=\"vc_column-inner\">\n\t\t\t<div class=\"wpb_wrapper\">\n\t\t\t\t\n    \t<div id=\"fws_69f2067a7b286\" data-midnight=\"\" data-column-margin=\"none\" data-bg-mobile-hidden=\"\" class=\"wpb_row vc_row-fluid vc_row inner_row standard_section  vc_custom_1554529350370\"  style=\"padding-top: 0px; padding-bottom: 0px; \"><div class=\"row-bg-wrap\"> <div class=\"row-bg\"  style=\"\"><\/div> <\/div><div class=\"col span_12  left\">\n\t<div style=\"\" class=\"vc_col-sm-5 vc_col-md-5 vc_col-xs-12 order-2 order-lg-1 wpb_column column_container vc_column_container col padding-5-percent\"  data-using-bg=\"true\" data-t-w-inherits=\"default\" data-shadow=\"none\" data-border-radius=\"none\" data-border-animation=\"\" data-border-animation-delay=\"\" data-border-width=\"none\" data-border-style=\"solid\" data-border-color=\"\" data-bg-cover=\"\" data-padding-pos=\"all\" data-has-bg-color=\"true\" data-bg-color=\"#f5f6f8\" data-bg-opacity=\"1\" data-hover-bg=\"\" data-hover-bg-opacity=\"1\" data-animation=\"\" data-delay=\"0\"><div class=\"column-bg-overlay\" style=\"opacity: 1; background-color: #f5f6f8;\"><\/div>\n\t\t<div class=\"vc_column-inner\">\n\t\t<div class=\"wpb_wrapper\">\n\t\t\t<h2 style=\"font-size: 40px;line-height: 50px;text-align: left\" class=\"vc_custom_heading\" >Loreto Aprutino<\/h2><p style=\"color: #846267;text-align: left\" class=\"vc_custom_heading\" >Sort\/Montepulciano d'Abruzzo, Trebbiano d'Abruzzo<\/p>\n\t<div class=\"wpb_text_column wpb_content_element  vc_custom_1554528807715 text-justify\" >\n\t\t<div class=\"wpb_wrapper\">\n\t\t\t<h3><span style=\"color: #846267;\">Pedoklimatiske forhold<\/span><\/h3>\n<p>Montepulciano d\u2019Abruzzo e Trebbiano d\u2019Abruzzo.  Et s\u00e6rlig velegnet omr\u00e5de til vindyrkning med k\u00f8lige briser, der kommer fra Calderone-gletsjeren p\u00e5 toppen af Gran Sasso. \nLoreto Aprutino Remartello, Montepulciano, Trebbiano og Chardonnay. Det er et varierende plateau, fra medium tekstur til gruset ler med sand.\nLoreto Aprutino Cocciapazza, Montepulciano, Trebbiano, Syrah, Malvasia istriana og Chardonnay. En stor bjergtop \u00e5ben mod syd og mod nord forholdsvis stejl, mens den nedre del munder ud i en let sk\u00e5lformet skr\u00e5ning med ekstremt skiftende jordbund, hovedsageligt best\u00e5ende af kalkholdigt sandler og med \u00e5rer af bastant ler med udbl\u00f8dning af siltrig sand.<\/p>\n<h3><span style=\"color: #846267;\">H\u00f8jdem\u00e5ling<\/span><\/h3>\n<p>350 meter<\/p>\n\n\t\t<\/div>\n\t<\/div>\n\n\t\t<\/div> \n\t<\/div>\n\t<\/div> \n\n\t<div  class=\"vc_col-sm-7 vc_col-md-7 vc_col-xs-12 order-1 order-lg-2 wpb_column column_container vc_column_container col no-extra-padding\"   data-t-w-inherits=\"default\" data-shadow=\"none\" data-border-radius=\"none\" data-border-animation=\"\" data-border-animation-delay=\"\" data-border-width=\"none\" data-border-style=\"solid\" data-border-color=\"\" data-bg-cover=\"\" data-padding-pos=\"all\" data-has-bg-color=\"false\" data-bg-color=\"\" data-bg-opacity=\"1\" data-hover-bg=\"\" data-hover-bg-opacity=\"1\" data-animation=\"\" data-delay=\"0\"><div class=\"column-bg-overlay\"><\/div>\n\t\t<div class=\"vc_column-inner\">\n\t\t<div class=\"wpb_wrapper\">\n\t\t\t<div class=\"img-with-aniamtion-wrap center\" data-max-width=\"100%\" data-border-radius=\"none\"><div class=\"inner\"><img data-shadow=\"none\" data-shadow-direction=\"middle\" class=\"img-with-animation skip-lazy full-width\" data-delay=\"0\" height=\"634\" width=\"948\"  data-animation=\"fade-in\" src=\"https:\/\/www.masciarelli.it\/wp-content\/uploads\/2019\/03\/img-pesc-prov-1.jpg\" srcset=\"https:\/\/www.masciarelli.it\/wp-content\/uploads\/2019\/03\/img-pesc-prov-1.jpg 948w, https:\/\/www.masciarelli.it\/wp-content\/uploads\/2019\/03\/img-pesc-prov-1-300x201.jpg 300w, https:\/\/www.masciarelli.it\/wp-content\/uploads\/2019\/03\/img-pesc-prov-1-768x514.jpg 768w, https:\/\/www.masciarelli.it\/wp-content\/uploads\/2019\/03\/img-pesc-prov-1-400x269.jpg 400w\" sizes=\"100vw\" alt=\"Filari Provincia di Pescara\" \/><\/div><\/div>\n\t\t<\/div> \n\t<\/div>\n\t<\/div> \n<\/div><\/div>\n\t\t\t<\/div> \n\t\t<\/div>\n\t<\/div> \n<\/div><\/div>\n\t\t<div id=\"fws_69f2067a7bb33\"  data-midnight=\"dark\"  data-bg-mobile-hidden=\"\" class=\"wpb_row vc_row-fluid vc_row standard_section\"  style=\"padding-top: 0px; padding-bottom: 0px; \"><div class=\"row-bg-wrap\" data-bg-animation=\"none\"><div class=\"inner-wrap\"><div class=\"row-bg\"  style=\"\"><\/div><\/div><div class=\"row-bg-overlay\" ><\/div><\/div><div class=\"col span_12 dark left\">\n\t<div  class=\"vc_col-sm-12 wpb_column column_container vc_column_container col no-extra-padding\"  data-t-w-inherits=\"default\" data-border-radius=\"none\" data-shadow=\"none\" data-border-animation=\"\" data-border-animation-delay=\"\" data-border-width=\"none\" data-border-style=\"solid\" data-border-color=\"\" data-bg-cover=\"\" data-padding-pos=\"all\" data-has-bg-color=\"false\" data-bg-color=\"\" data-bg-opacity=\"1\" data-hover-bg=\"\" data-hover-bg-opacity=\"1\" data-animation=\"\" data-delay=\"0\"><div class=\"column-bg-overlay\"><\/div>\n\t\t<div class=\"vc_column-inner\">\n\t\t\t<div class=\"wpb_wrapper\">\n\t\t\t\t<div class=\"divider-wrap\" data-alignment=\"default\"><div style=\"margin-top: 25px; height: 1px; margin-bottom: 25px;\" data-width=\"100%\" data-animate=\"\" data-animation-delay=\"\" data-color=\"default\" class=\"divider-border\"><\/div><\/div>\n    \t<div id=\"fws_69f2067a7bcff\" data-midnight=\"\" data-column-margin=\"none\" data-bg-mobile-hidden=\"\" class=\"wpb_row vc_row-fluid vc_row inner_row  vc_row-o-equal-height vc_row-flex standard_section\"  style=\"padding-top: 0px; padding-bottom: 0px; \"><div class=\"row-bg-wrap\"> <div class=\"row-bg\"  style=\"\"><\/div> <\/div><div class=\"col span_12  left\">\n\t<div style=\"\" class=\"vc_col-sm-3 vc_col-md-3 vc_col-xs-6 wpb_column column_container vc_column_container col padding-3-percent\"  data-using-bg=\"true\" data-t-w-inherits=\"default\" data-shadow=\"none\" data-border-radius=\"none\" data-border-animation=\"\" data-border-animation-delay=\"\" data-border-width=\"none\" data-border-style=\"solid\" data-border-color=\"\" data-bg-cover=\"\" data-padding-pos=\"all\" data-has-bg-color=\"true\" data-bg-color=\"#bfc3ba\" data-bg-opacity=\"1\" data-hover-bg=\"\" data-hover-bg-opacity=\"1\" data-animation=\"\" data-delay=\"0\"><a class=\"column-link\" target=\"_self\" href=\"\/da\/le-tenute\/chieti\/\"><\/a><div class=\"column-bg-overlay\" style=\"opacity: 1; background-color: #bfc3ba;\"><\/div>\n\t\t<div class=\"vc_column-inner\">\n\t\t<div class=\"wpb_wrapper\">\n\t\t\t<div class=\"img-with-aniamtion-wrap center\" data-max-width=\"100%\" data-border-radius=\"none\"><div class=\"inner\"><img data-shadow=\"none\" data-shadow-direction=\"middle\" class=\"img-with-animation skip-lazy\" data-delay=\"0\" height=\"170\" width=\"182\"  data-animation=\"fade-in\" src=\"https:\/\/www.masciarelli.it\/wp-content\/uploads\/2019\/04\/provincia-di-chieti-bottom.png\"  alt=\"Infografica Tenute nella provincia di Chieti\" \/><\/div><\/div><h3 style=\"font-size: 26px;color: #ffffff;line-height: 30px;text-align: center\" class=\"vc_custom_heading vc_custom_1554503494836\" >Provinsen<br \/>\nChieti<\/h3>\n\t\t<\/div> \n\t<\/div>\n\t<\/div> \n\n\t<div style=\"\" class=\"vc_col-sm-3 vc_col-md-3 vc_col-xs-6 wpb_column column_container vc_column_container col padding-3-percent\"  data-using-bg=\"true\" data-t-w-inherits=\"default\" data-shadow=\"none\" data-border-radius=\"none\" data-border-animation=\"\" data-border-animation-delay=\"\" data-border-width=\"none\" data-border-style=\"solid\" data-border-color=\"\" data-bg-cover=\"\" data-padding-pos=\"all\" data-has-bg-color=\"true\" data-bg-color=\"#d5c1b1\" data-bg-opacity=\"1\" data-hover-bg=\"\" data-hover-bg-opacity=\"1\" data-animation=\"\" data-delay=\"0\"><a class=\"column-link\" target=\"_self\" href=\"\/da\/le-tenute\/pescara\/\"><\/a><div class=\"column-bg-overlay\" style=\"opacity: 1; background-color: #d5c1b1;\"><\/div>\n\t\t<div class=\"vc_column-inner\">\n\t\t<div class=\"wpb_wrapper\">\n\t\t\t<div class=\"img-with-aniamtion-wrap center\" data-max-width=\"100%\" data-border-radius=\"none\"><div class=\"inner\"><img data-shadow=\"none\" data-shadow-direction=\"middle\" class=\"img-with-animation skip-lazy\" data-delay=\"0\" height=\"170\" width=\"182\"  data-animation=\"fade-in\" src=\"https:\/\/www.masciarelli.it\/wp-content\/uploads\/2019\/04\/provincia-di-pescara-bottom.png\"  alt=\"Infografica Tenute nella provincia di Pescara\" \/><\/div><\/div><h3 style=\"font-size: 26px;color: #ffffff;line-height: 30px;text-align: center\" class=\"vc_custom_heading vc_custom_1554503502971\" >Provinsen<br \/>\nPescara<\/h3>\n\t\t<\/div> \n\t<\/div>\n\t<\/div> \n\n\t<div style=\"\" class=\"vc_col-sm-3 vc_col-md-3 vc_col-xs-6 wpb_column column_container vc_column_container col padding-3-percent\"  data-using-bg=\"true\" data-t-w-inherits=\"default\" data-shadow=\"none\" data-border-radius=\"none\" data-border-animation=\"\" data-border-animation-delay=\"\" data-border-width=\"none\" data-border-style=\"solid\" data-border-color=\"\" data-bg-cover=\"\" data-padding-pos=\"all\" data-has-bg-color=\"true\" data-bg-color=\"#b5a0a3\" data-bg-opacity=\"1\" data-hover-bg=\"\" data-hover-bg-opacity=\"1\" data-animation=\"\" data-delay=\"0\"><a class=\"column-link\" target=\"_self\" href=\"\/da\/le-tenute\/teramo\/\"><\/a><div class=\"column-bg-overlay\" style=\"opacity: 1; background-color: #b5a0a3;\"><\/div>\n\t\t<div class=\"vc_column-inner\">\n\t\t<div class=\"wpb_wrapper\">\n\t\t\t<div class=\"img-with-aniamtion-wrap center\" data-max-width=\"100%\" data-border-radius=\"none\"><div class=\"inner\"><img data-shadow=\"none\" data-shadow-direction=\"middle\" class=\"img-with-animation skip-lazy\" data-delay=\"0\" height=\"172\" width=\"183\"  data-animation=\"fade-in\" src=\"https:\/\/www.masciarelli.it\/wp-content\/uploads\/2019\/04\/provincia-di-teramo-bottom.png\"  alt=\"Infografica Tenute nella provincia di Teramo\" \/><\/div><\/div><h3 style=\"font-size: 26px;color: #ffffff;line-height: 30px;text-align: center\" class=\"vc_custom_heading vc_custom_1554503512465\" >Provinsen<br \/>\nTeramo<\/h3>\n\t\t<\/div> \n\t<\/div>\n\t<\/div> \n\n\t<div style=\"\" class=\"vc_col-sm-3 vc_col-md-3 vc_col-xs-6 wpb_column column_container vc_column_container col padding-3-percent\"  data-using-bg=\"true\" data-t-w-inherits=\"default\" data-shadow=\"none\" data-border-radius=\"none\" data-border-animation=\"\" data-border-animation-delay=\"\" data-border-width=\"none\" data-border-style=\"solid\" data-border-color=\"\" data-bg-cover=\"\" data-padding-pos=\"all\" data-has-bg-color=\"true\" data-bg-color=\"#e5b6bb\" data-bg-opacity=\"1\" data-hover-bg=\"\" data-hover-bg-opacity=\"1\" data-animation=\"\" data-delay=\"0\"><a class=\"column-link\" target=\"_self\" href=\"\/da\/le-tenute\/l-aquila\/\"><\/a><div class=\"column-bg-overlay\" style=\"opacity: 1; background-color: #e5b6bb;\"><\/div>\n\t\t<div class=\"vc_column-inner\">\n\t\t<div class=\"wpb_wrapper\">\n\t\t\t<div class=\"img-with-aniamtion-wrap center\" data-max-width=\"100%\" data-border-radius=\"none\"><div class=\"inner\"><img data-shadow=\"none\" data-shadow-direction=\"middle\" class=\"img-with-animation skip-lazy\" data-delay=\"0\" height=\"172\" width=\"184\"  data-animation=\"fade-in\" src=\"https:\/\/www.masciarelli.it\/wp-content\/uploads\/2019\/04\/provincia-de-laquila-bottom.png\"  alt=\"Infografica Tenute nella provincia dell'Aquila\" \/><\/div><\/div><h3 style=\"font-size: 26px;color: #ffffff;line-height: 30px;text-align: center\" class=\"vc_custom_heading vc_custom_1554503520131\" >Provinsen<br \/>\nL'Aquila<\/h3>\n\t\t<\/div> \n\t<\/div>\n\t<\/div> \n<\/div><\/div><div class=\"divider-wrap\" data-alignment=\"default\"><div style=\"height: 5px;\" class=\"divider\"><\/div><\/div>\n\t\t\t<\/div> \n\t\t<\/div>\n\t<\/div> \n<\/div><\/div>","protected":false},"excerpt":{"rendered":"Provincia di Pescara La provincia di Pescara, estesa per 1.225 Kmq, si allunga, a forma di cuneo, dal litorale adriatico alle vette dei massicci centroappenninici, riassumendo nella sua morfologia i...","protected":false},"author":1,"featured_media":0,"parent":28,"menu_order":0,"comment_status":"closed","ping_status":"closed","template":"","meta":[],"acf":[],"yoast_head":"<!-- This site is optimized with the Yoast SEO plugin v18.4.1 - https:\/\/yoast.com\/wordpress\/plugins\/seo\/ -->\n<title>Pescara - Masciarelli Tenute Agricole<\/title>\n<meta name=\"robots\" content=\"index, follow, max-snippet:-1, max-image-preview:large, max-video-preview:-1\" \/>\n<link rel=\"canonical\" href=\"https:\/\/www.masciarelli.it\/da\/le-tenute\/pescara\/\" \/>\n<meta property=\"og:locale\" content=\"da_DK\" \/>\n<meta property=\"og:type\" content=\"article\" \/>\n<meta property=\"og:title\" content=\"Pescara - Masciarelli Tenute Agricole\" \/>\n<meta property=\"og:url\" content=\"https:\/\/www.masciarelli.it\/da\/le-tenute\/pescara\/\" \/>\n<meta property=\"og:site_name\" content=\"Masciarelli Tenute Agricole\" \/>\n<meta property=\"article:publisher\" content=\"https:\/\/www.facebook.com\/MasciarelliTenuteAgricole\/\" \/>\n<meta property=\"article:modified_time\" content=\"2021-05-11T19:54:46+00:00\" \/>\n<meta property=\"og:image\" content=\"https:\/\/www.masciarelli.it\/wp-content\/uploads\/2019\/03\/masciarelli-logo-home@2x.png\" \/>\n\t<meta property=\"og:image:width\" content=\"426\" \/>\n\t<meta property=\"og:image:height\" content=\"329\" \/>\n\t<meta property=\"og:image:type\" content=\"image\/png\" \/>\n<meta name=\"twitter:card\" content=\"summary_large_image\" \/>\n<meta name=\"twitter:site\" content=\"@masciarellivini\" \/>\n<meta name=\"twitter:label1\" content=\"Estimeret l\u00e6setid\" \/>\n\t<meta name=\"twitter:data1\" content=\"7 minutter\" \/>\n<script type=\"application\/ld+json\" class=\"yoast-schema-graph\">{\"@context\":\"https:\/\/schema.org\",\"@graph\":[{\"@type\":\"WebSite\",\"@id\":\"http:\/\/www.masciarelli.it\/ru\/#website\",\"url\":\"http:\/\/www.masciarelli.it\/ru\/\",\"name\":\"Masciarelli Tenute Agricole\",\"description\":\"Il profumo della mia terra, il sapore del mio vino\",\"potentialAction\":[{\"@type\":\"SearchAction\",\"target\":{\"@type\":\"EntryPoint\",\"urlTemplate\":\"http:\/\/www.masciarelli.it\/ru\/?s={search_term_string}\"},\"query-input\":\"required name=search_term_string\"}],\"inLanguage\":\"da-DK\"},{\"@type\":\"WebPage\",\"@id\":\"https:\/\/www.masciarelli.it\/da\/le-tenute\/pescara\/#webpage\",\"url\":\"https:\/\/www.masciarelli.it\/da\/le-tenute\/pescara\/\",\"name\":\"Pescara - Masciarelli Tenute Agricole\",\"isPartOf\":{\"@id\":\"http:\/\/www.masciarelli.it\/ru\/#website\"},\"datePublished\":\"2019-03-28T11:45:20+00:00\",\"dateModified\":\"2021-05-11T19:54:46+00:00\",\"breadcrumb\":{\"@id\":\"https:\/\/www.masciarelli.it\/da\/le-tenute\/pescara\/#breadcrumb\"},\"inLanguage\":\"da-DK\",\"potentialAction\":[{\"@type\":\"ReadAction\",\"target\":[\"https:\/\/www.masciarelli.it\/da\/le-tenute\/pescara\/\"]}]},{\"@type\":\"BreadcrumbList\",\"@id\":\"https:\/\/www.masciarelli.it\/da\/le-tenute\/pescara\/#breadcrumb\",\"itemListElement\":[{\"@type\":\"ListItem\",\"position\":1,\"name\":\"Home\",\"item\":\"https:\/\/www.masciarelli.it\/\"},{\"@type\":\"ListItem\",\"position\":2,\"name\":\"LE TENUTE\",\"item\":\"https:\/\/www.masciarelli.it\/da\/le-tenute\/\"},{\"@type\":\"ListItem\",\"position\":3,\"name\":\"Pescara\"}]}]}<\/script>\n<!-- \/ Yoast SEO plugin. -->","yoast_head_json":{"title":"Pescara - Masciarelli Tenute Agricole","robots":{"index":"index","follow":"follow","max-snippet":"max-snippet:-1","max-image-preview":"max-image-preview:large","max-video-preview":"max-video-preview:-1"},"canonical":"https:\/\/www.masciarelli.it\/da\/le-tenute\/pescara\/","og_locale":"da_DK","og_type":"article","og_title":"Pescara - Masciarelli Tenute Agricole","og_url":"https:\/\/www.masciarelli.it\/da\/le-tenute\/pescara\/","og_site_name":"Masciarelli Tenute Agricole","article_publisher":"https:\/\/www.facebook.com\/MasciarelliTenuteAgricole\/","article_modified_time":"2021-05-11T19:54:46+00:00","og_image":[{"width":426,"height":329,"url":"https:\/\/www.masciarelli.it\/wp-content\/uploads\/2019\/03\/masciarelli-logo-home@2x.png","type":"image\/png"}],"twitter_card":"summary_large_image","twitter_site":"@masciarellivini","twitter_misc":{"Estimeret l\u00e6setid":"7 minutter"},"schema":{"@context":"https:\/\/schema.org","@graph":[{"@type":"WebSite","@id":"http:\/\/www.masciarelli.it\/ru\/#website","url":"http:\/\/www.masciarelli.it\/ru\/","name":"Masciarelli Tenute Agricole","description":"Il profumo della mia terra, il sapore del mio vino","potentialAction":[{"@type":"SearchAction","target":{"@type":"EntryPoint","urlTemplate":"http:\/\/www.masciarelli.it\/ru\/?s={search_term_string}"},"query-input":"required name=search_term_string"}],"inLanguage":"da-DK"},{"@type":"WebPage","@id":"https:\/\/www.masciarelli.it\/da\/le-tenute\/pescara\/#webpage","url":"https:\/\/www.masciarelli.it\/da\/le-tenute\/pescara\/","name":"Pescara - Masciarelli Tenute Agricole","isPartOf":{"@id":"http:\/\/www.masciarelli.it\/ru\/#website"},"datePublished":"2019-03-28T11:45:20+00:00","dateModified":"2021-05-11T19:54:46+00:00","breadcrumb":{"@id":"https:\/\/www.masciarelli.it\/da\/le-tenute\/pescara\/#breadcrumb"},"inLanguage":"da-DK","potentialAction":[{"@type":"ReadAction","target":["https:\/\/www.masciarelli.it\/da\/le-tenute\/pescara\/"]}]},{"@type":"BreadcrumbList","@id":"https:\/\/www.masciarelli.it\/da\/le-tenute\/pescara\/#breadcrumb","itemListElement":[{"@type":"ListItem","position":1,"name":"Home","item":"https:\/\/www.masciarelli.it\/"},{"@type":"ListItem","position":2,"name":"LE TENUTE","item":"https:\/\/www.masciarelli.it\/da\/le-tenute\/"},{"@type":"ListItem","position":3,"name":"Pescara"}]}]}},"_links":{"self":[{"href":"http:\/\/www.masciarelli.it\/da\/wp-json\/wp\/v2\/pages\/450"}],"collection":[{"href":"http:\/\/www.masciarelli.it\/da\/wp-json\/wp\/v2\/pages"}],"about":[{"href":"http:\/\/www.masciarelli.it\/da\/wp-json\/wp\/v2\/types\/page"}],"author":[{"embeddable":true,"href":"http:\/\/www.masciarelli.it\/da\/wp-json\/wp\/v2\/users\/1"}],"replies":[{"embeddable":true,"href":"http:\/\/www.masciarelli.it\/da\/wp-json\/wp\/v2\/comments?post=450"}],"version-history":[{"count":0,"href":"http:\/\/www.masciarelli.it\/da\/wp-json\/wp\/v2\/pages\/450\/revisions"}],"up":[{"embeddable":true,"href":"http:\/\/www.masciarelli.it\/da\/wp-json\/wp\/v2\/pages\/28"}],"wp:attachment":[{"href":"http:\/\/www.masciarelli.it\/da\/wp-json\/wp\/v2\/media?parent=450"}],"curies":[{"name":"wp","href":"https:\/\/api.w.org\/{rel}","templated":true}]}}