



{"id":2080,"date":"2019-05-24T08:42:23","date_gmt":"2019-05-24T06:42:23","guid":{"rendered":"https:\/\/www.masciarelli.it\/?page_id=2080"},"modified":"2021-05-11T21:55:59","modified_gmt":"2021-05-11T19:55:59","slug":"procedura-e-modulo-diritti-interessato","status":"publish","type":"page","link":"https:\/\/www.masciarelli.it\/fr\/privacy-policy\/procedura-e-modulo-diritti-interessato\/","title":{"rendered":"Procedura e modulo diritti interessato"},"content":{"rendered":"<div id=\"fws_69f250607eeb8\"  data-midnight=\"dark\"  data-bg-mobile-hidden=\"\" class=\"wpb_row vc_row-fluid vc_row top-level standard_section\"  style=\"padding-top: 0px; padding-bottom: 0px; \"><div class=\"row-bg-wrap\" data-bg-animation=\"none\"><div class=\"inner-wrap\"><div class=\"row-bg\"  style=\"\"><\/div><\/div><div class=\"row-bg-overlay\" ><\/div><\/div><div class=\"col span_12 dark left\">\n\t<div  class=\"vc_col-sm-2 wpb_column column_container vc_column_container col no-extra-padding\"  data-t-w-inherits=\"default\" data-border-radius=\"none\" data-shadow=\"none\" data-border-animation=\"\" data-border-animation-delay=\"\" data-border-width=\"none\" data-border-style=\"solid\" data-border-color=\"\" data-bg-cover=\"\" data-padding-pos=\"all\" data-has-bg-color=\"false\" data-bg-color=\"\" data-bg-opacity=\"1\" data-hover-bg=\"\" data-hover-bg-opacity=\"1\" data-animation=\"\" data-delay=\"0\"><div class=\"column-bg-overlay\"><\/div>\n\t\t<div class=\"vc_column-inner\">\n\t\t\t<div class=\"wpb_wrapper\">\n\t\t\t\t\n\t\t\t<\/div> \n\t\t<\/div>\n\t<\/div> \n\n\t<div  class=\"vc_col-sm-8 wpb_column column_container vc_column_container col no-extra-padding\"  data-t-w-inherits=\"default\" data-border-radius=\"none\" data-shadow=\"none\" data-border-animation=\"\" data-border-animation-delay=\"\" data-border-width=\"none\" data-border-style=\"solid\" data-border-color=\"\" data-bg-cover=\"\" data-padding-pos=\"all\" data-has-bg-color=\"false\" data-bg-color=\"\" data-bg-opacity=\"1\" data-hover-bg=\"\" data-hover-bg-opacity=\"1\" data-animation=\"\" data-delay=\"0\"><div class=\"column-bg-overlay\"><\/div>\n\t\t<div class=\"vc_column-inner\">\n\t\t\t<div class=\"wpb_wrapper\">\n\t\t\t\t<h1 style=\"font-size: 40px;line-height: 40px;text-align: left\" class=\"vc_custom_heading\" >PROCEDURA<br \/>\nDIRITTI DELL'INTERESSATO<\/h1><div class=\"divider-wrap\" data-alignment=\"default\"><div style=\"height: 30px;\" class=\"divider\"><\/div><\/div>\n\t<div class=\"wpb_text_column wpb_content_element  text-justify\" >\n\t\t<div class=\"wpb_wrapper\">\n\t\t\t<p><strong>AI SENSI DEGLI ARTICOLI DA 15 A 23 DEL REGOLAMENTO 679\/2016<\/strong><\/p>\n<p>Il Regolamento UE 679\/2016 sulla Protezione dei dati personali prevede tra i suoi punti cardine la tutela dei diritti dell&#8217;interessato nel trattamento dei dati personali.<\/p>\n<p>Tali diritti consentono al soggetto interessato un controllo sulle tipologie dei dati utilizzati, sulle modalit\u00e0 di trattamento e gli conferisce la possibilit\u00e0 di limitare tale uso, di opporsi nonch\u00e9 di cancellare i dati personali in talune circostanze.<\/p>\n<p>Corollario di tali diritti \u00e8 il diritto al reclamo e alla tutela giudiziaria in caso di violazioni in tema di trattamento non consentito o illecito.<\/p>\n<p>La presente procedura intende prima di tutto individuare tali diritti, nonch\u00e9 stabilire le tempistiche di riscontro e le modalit\u00e0 di esercizio. Infine il presente documento individua il soggetto responsabile del riscontro ai soggetti istanti.<\/p>\n<p>Lo scopo di tale procedura \u00e8 di agevolare l&#8217;interessato ai sensi dell&#8217;articolo 12 comma 2 nell&#8217;esercizio dei suoi diritti.<\/p>\n<p>&nbsp;<\/p>\n<p><strong>I DIRITTI DELL&#8217;INTERESSATO<\/strong><\/p>\n<p><strong><em>\u00a0<\/em><\/strong><\/p>\n<p><strong><em>Articolo 15<\/em><\/strong><\/p>\n<p><strong>Diritto di accesso dell\u2019interessato<\/strong><\/p>\n<p><strong>\u00a0<\/strong><\/p>\n<ol>\n<li>L\u2019interessato ha il diritto di ottenere dal titolare del trattamento la conferma che sia o meno in corso un trattamento di dati personali che lo riguardano e in tal caso, di ottenere l\u2019accesso ai dati personali e alle seguenti informazioni:<\/li>\n<li>a) le finalit\u00e0 del trattamento;<\/li>\n<li>b) le categorie di dati personali in questione;<\/li>\n<li>c) i destinatari o le categorie di destinatari a cui i dati personali sono stati o saranno<\/li>\n<\/ol>\n<p>comunicati, in particolare se destinatari di paesi terzi o organizzazioni internazionali;<\/p>\n<ol>\n<li>d) quando possibile, il periodo di conservazione dei dati personali previsto oppure, se non \u00e8 possibile, i criteri utilizzati per determinare tale periodo;<\/li>\n<li>e) l\u2019esistenza del diritto dell\u2019interessato di chiedere al titolare del trattamento la rettifica o la cancellazione dei dati personali o la limitazione del trattamento dei dati personali che lo riguardano o di opporsi al loro trattamento;<\/li>\n<\/ol>\n<p>f ) il diritto di proporre reclamo a un\u2019autorit\u00e0 di controllo;<\/p>\n<ol>\n<li>g) qualora i dati non siano raccolti presso l\u2019interessato, tutte le informazioni disponibili<\/li>\n<\/ol>\n<p>sulla loro origine;<\/p>\n<ol>\n<li>h) l\u2019esistenza di un processo decisionale automatizzato, compresa la profilazione di cui<\/li>\n<\/ol>\n<p>all\u2019articolo 22, paragrafi 1 e 4, e, almeno in tali casi, informazioni significative sulla logica utilizzata, nonch\u00e9 l\u2019importanza e le conseguenze previste di tale trattamento per l\u2019interessato.<\/p>\n<ol start=\"2\">\n<li>Qualora i dati personali siano trasferiti a un paese terzo o a un\u2019organizzazione internazionale, l\u2019interessato ha il diritto di essere informato dell\u2019esistenza di garanzie adeguate ai sensi dell\u2019articolo 46 relative al trasferimento.<\/li>\n<li>Il titolare del trattamento fornisce una copia dei dati personali oggetto di trattamento.<\/li>\n<\/ol>\n<p>In caso di ulteriori copie richieste dall\u2019interessato, il titolare del trattamento pu\u00f2 addebitare un contributo spese ragionevole basato sui costi amministrativi. Se l\u2019interessato presenta la richiesta mediante mezzi elettronici, e salvo indicazione diversa dell\u2019interessato, le informazioni sono fornite in un formato elettronico di uso comune.<\/p>\n<ol start=\"4\">\n<li>Il diritto di ottenere una copia di cui al paragrafo 3 non deve ledere i diritti e le<\/li>\n<\/ol>\n<p>libert\u00e0 altrui.<\/p>\n<p><strong>\u00a0<\/strong><\/p>\n<p><strong>Rettifica e cancellazione<\/strong><\/p>\n<p><strong><em>\u00a0<\/em><\/strong><\/p>\n<p><strong><em>Articolo 16<\/em><\/strong><\/p>\n<p><strong>Diritto di rettifica<\/strong><\/p>\n<p><strong>\u00a0<\/strong><\/p>\n<p>L\u2019interessato ha il diritto di ottenere dal titolare del trattamento la rettifica dei dati personali inesatti che lo riguardano senza ingiustificato ritardo. Tenuto conto delle finalit\u00e0 del trattamento, l\u2019interessato ha il diritto di ottenere l\u2019integrazione dei dati personali incompleti, anche fornendo una dichiarazione integrativa.<\/p>\n<p>&nbsp;<\/p>\n<p><strong><em>Articolo 17<\/em><\/strong><\/p>\n<p><strong>Diritto alla cancellazione (\u00abdiritto all\u2019oblio\u00bb)<\/strong><\/p>\n<p><strong>\u00a0<\/strong><\/p>\n<ol>\n<li>L\u2019interessato ha il diritto di ottenere dal titolare del trattamento la cancellazione dei dati personali che lo riguardano senza ingiustificato ritardo e il titolare del trattamento ha l\u2019obbligo di cancellare senza ingiustificato ritardo i dati personali, se sussiste uno dei motivi seguenti:<\/li>\n<li>a) i dati personali non sono pi\u00f9 necessari rispetto alle finalit\u00e0 per le quali sono stati raccolti o altrimenti trattati;<\/li>\n<li>b) l\u2019interessato revoca il consenso su cui si basa il trattamento conformemente all\u2019articolo 6, paragrafo 1, lettera a), o all\u2019articolo 9, paragrafo 2, lettera a), e se non sussiste altro fondamento giuridico per il trattamento;<\/li>\n<li>c) l\u2019interessato si oppone al trattamento ai sensi dell\u2019articolo 21, paragrafo 1, e non sussiste alcun motivo legittimo prevalente per procedere al trattamento, oppure si oppone al trattamento ai sensi dell\u2019articolo 21, paragrafo 2;<\/li>\n<li>d) i dati personali sono stati trattati illecitamente;<\/li>\n<li>e) i dati personali devono essere cancellati per adempiere un obbligo legale previsto dal diritto dell\u2019Unione o dello Stato membro cui \u00e8 soggetto il titolare del trattamento;<\/li>\n<\/ol>\n<p>f ) i dati personali sono stati raccolti relativamente all\u2019offerta di servizi della societ\u00e0 dell\u2019informazione di cui all\u2019articolo 8, paragrafo 1.<\/p>\n<ol start=\"2\">\n<li>Il titolare del trattamento, se ha reso pubblici dati personali ed \u00e8 obbligato, ai sensi del paragrafo 1, a cancellarli, tenendo conto della tecnologia disponibile e dei costi di attuazione adotta le misure ragionevoli, anche tecniche, per informare i titolari del trattamento che stanno trattando i dati personali della richiesta dell\u2019interessato di cancellare qualsiasi link, copia o riproduzione dei suoi dati personali.<\/li>\n<li>I paragrafi 1 e 2 non si applicano nella misura in cui il trattamento sia necessario:<\/li>\n<li>a) per l\u2019esercizio del diritto alla libert\u00e0 di espressione e di informazione;<\/li>\n<li>b) per l\u2019adempimento di un obbligo legale che richieda il trattamento previsto dal diritto dell\u2019Unione o dello Stato membro cui \u00e8 soggetto il titolare del trattamento o per l\u2019esecuzione di un compito svolto nel pubblico interesse oppure nell\u2019esercizio di pubblici poteri di cui \u00e8 investito il titolare del trattamento;<\/li>\n<li>c) per motivi di interesse pubblico nel settore della sanit\u00e0 pubblica in conformit\u00e0 dell\u2019articolo 9, paragrafo 2, lettere h) e i), e dell\u2019articolo 9, paragrafo 3;<\/li>\n<li>d) a fini di archiviazione nel pubblico interesse, di ricerca scientifica o storica o a fini statistici conformemente all\u2019articolo 89, paragrafo 1, nella misura in cui il diritto di cui<\/li>\n<\/ol>\n<p>al paragrafo 1 rischi di rendere impossibile o di pregiudicare gravemente il conseguimento degli obiettivi di tale trattamento; o<\/p>\n<ol>\n<li>e) per l\u2019accertamento, l\u2019esercizio o la difesa di un diritto in sede giudiziaria.<\/li>\n<\/ol>\n<p>&nbsp;<\/p>\n<p><strong><em>Articolo 18<\/em><\/strong><\/p>\n<p><strong>Diritto di limitazione di trattamento<\/strong><\/p>\n<p><strong>\u00a0<\/strong><\/p>\n<ol>\n<li>L\u2019interessato ha il diritto di ottenere dal titolare del trattamento la limitazione del trattamento quando ricorre una delle seguenti ipotesi:<\/li>\n<li>a) l\u2019interessato contesta l\u2019esattezza dei dati personali, per il periodo necessario al titolare del trattamento per verificare l\u2019esattezza di tali dati personali;<\/li>\n<li>b) il trattamento \u00e8 illecito e l\u2019interessato si oppone alla cancellazione dei dati personali e chiede invece che ne sia limitato l\u2019utilizzo;<\/li>\n<li>c) bench\u00e9 il titolare del trattamento non ne abbia pi\u00f9 bisogno ai fini del trattamento, i<\/li>\n<\/ol>\n<p>dati personali sono necessari all\u2019interessato per l\u2019accertamento, l\u2019esercizio o la difesa di<\/p>\n<p>un diritto in sede giudiziaria;<\/p>\n<ol>\n<li>d) l\u2019interessato si \u00e8 opposto al trattamento ai sensi dell\u2019articolo 21, paragrafo 1, in attesa della verifica in merito all\u2019eventuale prevalenza dei motivi legittimi del titolare del trattamento rispetto a quelli dell\u2019interessato.<\/li>\n<li>Se il trattamento \u00e8 limitato a norma del paragrafo 1, tali dati personali sono trattati, salvo che per la conservazione, soltanto con il consenso dell\u2019interessato o per l\u2019accertamento, l\u2019esercizio o la difesa di un diritto in sede giudiziaria oppure per tutelare i diritti di un\u2019altra persona fisica o giuridica o per motivi di interesse pubblico rilevante dell\u2019Unione o di uno Stato membro.<\/li>\n<li>L\u2019interessato che ha ottenuto la limitazione del trattamento a norma del paragrafo 1 \u00e8 informato dal titolare del trattamento prima che detta limitazione sia revocata.<\/li>\n<\/ol>\n<p>&nbsp;<\/p>\n<p><strong><em>Articolo 19<\/em><\/strong><\/p>\n<p><strong>Obbligo di notifica in caso di rettifica o cancellazione dei dati personali<\/strong><\/p>\n<p><strong>o limitazione del trattamento<\/strong><\/p>\n<p><strong>\u00a0<\/strong><\/p>\n<p>Il titolare del trattamento comunica a ciascuno dei destinatari cui sono stati trasmessi i<\/p>\n<p>dati personali le eventuali rettifiche o cancellazioni o limitazioni del trattamento effettuate a norma dell\u2019articolo 16, dell\u2019articolo 17, paragrafo 1, e dell\u2019articolo 18, salvo che ci\u00f2 si riveli impossibile o implichi uno sforzo sproporzionato. Il titolare del trattamento comunica all\u2019interessato tali destinatari qualora l\u2019interessato lo richieda.<\/p>\n<p>&nbsp;<\/p>\n<p><strong><em>Articolo 20<\/em><\/strong><\/p>\n<p><strong>Diritto alla portabilit\u00e0 dei dati<\/strong><\/p>\n<p><strong>\u00a0<\/strong><\/p>\n<ol>\n<li>L\u2019interessato ha il diritto di ricevere in un formato strutturato, di uso comune e leggibile da dispositivo automatico i dati personali che lo riguardano forniti a un titolare del trattamento e ha il diritto di trasmettere tali dati a un altro titolare del trattamento senza impedimenti da parte del titolare del trattamento cui li ha forniti qualora:<\/li>\n<li>a) il trattamento si basi sul consenso ai sensi dell\u2019articolo 6, paragrafo 1, lettera a), o dell\u2019articolo 9, paragrafo 2, lettera a), o su un contratto ai sensi dell\u2019articolo 6, paragrafo 1, lettera b); e<\/li>\n<li>b) il trattamento sia effettuato con mezzi automatizzati.<\/li>\n<li>Nell\u2019esercitare i propri diritti relativamente alla portabilit\u00e0 dei dati a norma del paragrafo 1, l\u2019interessato ha il diritto di ottenere la trasmissione diretta dei dati personali da un titolare del trattamento all\u2019altro, se tecnicamente fattibile.<\/li>\n<li>L\u2019esercizio del diritto di cui al paragrafo 1 del presente articolo lascia impregiudicato l\u2019articolo 17. Tale diritto non si applica al trattamento necessario per l\u2019esecuzione di un compito di interesse pubblico o connesso all\u2019esercizio di pubblici poteri di cui \u00e8 investito il titolare del trattamento.<\/li>\n<li>Il diritto di cui al paragrafo 1 non deve ledere i diritti e le libert\u00e0 altrui.<\/li>\n<\/ol>\n<p>&nbsp;<\/p>\n<p><strong>Diritto di opposizione e processo decisionale automatizzato relativo alle persone fisiche<\/strong><\/p>\n<p><strong><em>\u00a0<\/em><\/strong><\/p>\n<p><strong><em>Articolo 21<\/em><\/strong><\/p>\n<p><strong>Diritto di opposizione<\/strong><\/p>\n<p><strong>\u00a0<\/strong><\/p>\n<ol>\n<li>L\u2019interessato ha il diritto di opporsi in qualsiasi momento, per motivi connessi alla sua situazione particolare, al trattamento dei dati personali che lo riguardano ai sensi dell\u2019articolo 6, paragrafo 1, lettere e) o f ), compresa la profilazione sulla base di tali disposizioni.<\/li>\n<\/ol>\n<p>Il titolare del trattamento si astiene dal trattare ulteriormente i dati personali salvo che<\/p>\n<p>egli dimostri l\u2019esistenza di motivi legittimi cogenti per procedere al trattamento che prevalgono sugli interessi, sui diritti e sulle libert\u00e0 dell\u2019interessato oppure per l\u2019accertamento, l\u2019esercizio o la difesa di un diritto in sede giudiziaria.<\/p>\n<ol start=\"2\">\n<li>Qualora i dati personali siano trattati per finalit\u00e0 di marketing diretto, l\u2019interessato ha il diritto di opporsi in qualsiasi momento al trattamento dei dati personali che lo riguardano effettuato per tali finalit\u00e0, compresa la profilazione nella misura in cui sia connessa a tale marketing diretto.<\/li>\n<li>Qualora l\u2019interessato si opponga al trattamento per finalit\u00e0 di marketing diretto, i dati personali non sono pi\u00f9 oggetto di trattamento per tali finalit\u00e0.<\/li>\n<li>Il diritto di cui ai paragrafi 1 e 2 \u00e8 esplicitamente portato all\u2019attenzione dell\u2019interessato ed \u00e8 presentato chiaramente e separatamente da qualsiasi altra informazione al pi\u00f9 tardi al momento della prima comunicazione con l\u2019interessato.<\/li>\n<li>Nel contesto dell\u2019utilizzo di servizi della societ\u00e0 dell\u2019informazione e fatta salva la direttiva 2002\/58\/CE, l\u2019interessato pu\u00f2 esercitare il proprio diritto di opposizione con mezzi automatizzati che utilizzano specifiche tecniche.<\/li>\n<li>Qualora i dati personali siano trattati a fini di ricerca scientifica o storica o a fini statistici a norma dell\u2019articolo 89, paragrafo 1, l\u2019interessato, per motivi connessi alla sua situazione particolare, ha il diritto di opporsi al trattamento di dati personali che lo riguarda, salvo se il trattamento \u00e8 necessario per l\u2019esecuzione di un compito di interesse pubblico.<\/li>\n<\/ol>\n<p>&nbsp;<\/p>\n<p><strong><em>Articolo 22<\/em><\/strong><\/p>\n<p><strong>Processo decisionale automatizzato relativo alle persone fisiche, compresa<\/strong><\/p>\n<p><strong>la profilazione<\/strong><\/p>\n<p><strong>\u00a0<\/strong><\/p>\n<ol>\n<li>L\u2019interessato ha il diritto di non essere sottoposto a una decisione basata unicamente sul trattamento automatizzato, compresa la profilazione, che produca effetti giuridici che lo riguardano o che incida in modo analogo significativamente sulla sua persona.<\/li>\n<li>Il paragrafo 1 non si applica nel caso in cui la decisione:<\/li>\n<li>a) sia necessaria per la conclusione o l\u2019esecuzione di un contratto tra l\u2019interessato e un<\/li>\n<\/ol>\n<p>titolare del trattamento;<\/p>\n<ol>\n<li>b) sia autorizzata dal diritto dell\u2019Unione o dello Stato membro cui \u00e8 soggetto il titolare<\/li>\n<\/ol>\n<p>del trattamento, che precisa altres\u00ec misure adeguate a tutela dei diritti, delle libert\u00e0 e<\/p>\n<p>dei legittimi interessi dell\u2019interessato;<\/p>\n<ol>\n<li>c) si basi sul consenso esplicito dell\u2019interessato.<\/li>\n<li>Nei casi di cui al paragrafo 2, lettere a) e c), il titolare del trattamento attua misure<\/li>\n<\/ol>\n<p>appropriate per tutelare i diritti, le libert\u00e0 e i legittimi interessi dell\u2019interessato, almeno il diritto di ottenere l\u2019intervento umano da parte del titolare del trattamento, di esprimere la propria opinione e di contestare la decisione.<\/p>\n<ol start=\"4\">\n<li>Le decisioni di cui al paragrafo 2 non si basano sulle categorie particolari di dati personali di cui all\u2019articolo 9, paragrafo 1, a meno che non sia d\u2019applicazione l\u2019articolo 9, paragrafo 2, lettere a) o g), e non siano in vigore misure adeguate a tutela dei diritti, delle libert\u00e0 e dei legittimi interessi dell\u2019interessato.<\/li>\n<\/ol>\n<p><strong>\u00a0<\/strong><\/p>\n<p><strong>\u00a0<\/strong><\/p>\n<p><strong>Limitazioni<\/strong><\/p>\n<p><strong><em>Articolo 23<\/em><\/strong><\/p>\n<p><strong>Limitazioni (C73)<\/strong><\/p>\n<p><strong>\u00a0<\/strong><\/p>\n<ol>\n<li>Il diritto dell\u2019Unione o dello Stato membro cui \u00e8 soggetto il titolare del trattamento o il responsabile del trattamento pu\u00f2 limitare, mediante misure legislative, la portata degli obblighi e dei diritti di cui agli articoli da 12 a 22 e 34, nonch\u00e9 all\u2019articolo 5, nella misura in cui le disposizioni ivi contenute corrispondano ai diritti e agli obblighi di cui agli articoli da 12 a 22, qualora tale limitazione rispetti l\u2019essenza dei diritti e delle libert\u00e0 fondamentali e sia una misura necessaria e proporzionata in una societ\u00e0 democratica per salvaguardare:<\/li>\n<li>a) la sicurezza nazionale;<\/li>\n<li>b) la difesa;<\/li>\n<li>c) la sicurezza pubblica;<\/li>\n<li>d) la prevenzione, l\u2019indagine, l\u2019accertamento e il perseguimento di reati o l\u2019esecuzione di sanzioni penali, incluse la salvaguardia contro e la prevenzione di minacce alla sicurezza pubblica;<\/li>\n<li>e) altri importanti obiettivi di interesse pubblico generale dell\u2019Unione o di uno Stato<\/li>\n<\/ol>\n<p>membro, in particolare un rilevante interesse economico o finanziario dell\u2019Unione o di<\/p>\n<p>uno Stato membro, anche in materia monetaria, di bilancio e tributaria, di sanit\u00e0 pubblica e sicurezza sociale;<\/p>\n<p>f ) la salvaguardia dell\u2019indipendenza della magistratura e dei procedimenti giudiziari;<\/p>\n<ol>\n<li>g) le attivit\u00e0 volte a prevenire, indagare, accertare e perseguire violazioni della deontologia delle professioni regolamentate;<\/li>\n<li>h) una funzione di controllo, d\u2019ispezione o di regolamentazione connessa, anche occasionalmente, all\u2019esercizio di pubblici poteri nei casi di cui alle lettere da a), a e) e g);<\/li>\n<li>i) la tutela dell\u2019interessato o dei diritti e delle libert\u00e0 altrui;<\/li>\n<li>j) l\u2019esecuzione delle azioni civili.<\/li>\n<li>In particolare qualsiasi misura legislativa di cui al paragrafo 1 contiene disposizioni specifiche riguardanti almeno, se del caso:<\/li>\n<li>a) le finalit\u00e0 del trattamento o le categorie di trattamento;<\/li>\n<li>b) le categorie di dati personali;<\/li>\n<li>c) la portata delle limitazioni introdotte;<\/li>\n<li>d) le garanzie per prevenire abusi o l\u2019accesso o il trasferimento illeciti;<\/li>\n<li>e) l\u2019indicazione precisa del titolare del trattamento o delle categorie di titolari;<\/li>\n<\/ol>\n<p>f ) i periodi di conservazione e le garanzie applicabili tenuto conto della natura, dell\u2019ambito di applicazione e delle finalit\u00e0 del trattamento o delle categorie di trattamento;<\/p>\n<ol>\n<li>g) i rischi per i diritti e le libert\u00e0 degli interessati; e<\/li>\n<li>h) il diritto degli interessati di essere informati della limitazione, a meno che ci\u00f2 possa<\/li>\n<\/ol>\n<p>compromettere la finalit\u00e0 della stessa.<\/p>\n<p>&nbsp;<\/p>\n<p><strong>Tutela giurisdizionale<\/strong><\/p>\n<p><strong>\u00a0<\/strong><\/p>\n<p>Il regolamento 679\/2016 prevede al proprio Capo VIII i mezzi di ricorso a tutela dell&#8217;interessato.<\/p>\n<p>In particolare gli articoli 77 (Diritto di proporre Reclamo all&#8217;Autorit\u00e0 di controllo), articolo 78 (Diritto ad un ricorso giurisdizionale effettivo nei confronti dell&#8217;Autorit\u00e0 di controllo) e l&#8217;articolo 70 (Diritto al ricorso giurisdizionale effettivo nei confronti del titolare del trattamento o del responsabile del trattamento).<\/p>\n<p><strong>\u00a0<\/strong><\/p>\n<p><strong>MODALITA&#8217; DI ESERCIZIO DEI DIRITTI E DI RISPOSTA<\/strong><\/p>\n<p><strong>\u00a0<\/strong><\/p>\n<p>I diritti dell&#8217;interessato possono essere esercitati a mezzo mail, pec, lettera raccomandata a\/r.<\/p>\n<p>Per facilitare l&#8217;esercizio di tali diritti, l&#8217;interessato potr\u00e0 scaricare il modulo di esercizio al <a href=\"https:\/\/www.masciarelli.it\/wp-content\/uploads\/2019\/05\/Modello-esercizio-diritti-interessato_archivio-Privacy-e-sito_ITA.pdf\" target=\"_blank\" rel=\"noopener noreferrer\"><em><strong><u>link<\/u><\/strong><\/em><\/a><\/p>\n<p>Per l&#8217;esercizio di tali diritti, l&#8217;interessato potr\u00e0 scrivere all&#8217;indirizzo mail: privacy@masciarlelli.it<\/p>\n<p>Il titolare del trattamento, direttamente o per il tramite di un suo incaricato, fornisce all&#8217;interessato le informazioni relative alla richiesta presentata dall&#8217;interessato senza ingiustificato ritardo e, comunque, entro 30 gg dal ricevimento della richiesta stessa.<\/p>\n<p>Tale termine pu\u00f2 essere prorogato di ulteriori 60 gg, se necessario, tenuto conto della complessit\u00e0 e del numero delle richieste. Il titolare del trattamento informa l&#8217;interessato di tale proroga e dei motivi del ritardo, entro 30 gg dal ricevimento della richiesta. Se l&#8217;interessato presenta la richiesta mediante mezzi elettronici, le informazioni sono fornite, ove possibile, con mezzi elettronici salvo diversa indicazione dell&#8217;interessato.<\/p>\n<p>Se non ottempera alla richiesta dell\u2019interessato, il titolare del trattamento informa l\u2019interessato senza ritardo, e al pi\u00f9 tardi entro 30 gg dal ricevimento della richiesta, dei motivi dell\u2019inottemperanza e della possibilit\u00e0 di proporre reclamo a un\u2019autorit\u00e0 di controllo e di proporre ricorso giurisdizionale.<\/p>\n<p>Le informazioni fornite dall&#8217;interessato ed eventuali comunicazioni e azioni intraprese sono gratuite.<\/p>\n<p>Se le richieste dell\u2019interessato sono manifestamente infondate o eccessive, in particolare per il loro carattere ripetitivo, il titolare del trattamento pu\u00f2:<\/p>\n<ol>\n<li>a) addebitare un contributo spese ragionevole tenendo conto dei costi amministrativi sostenuti per fornire le informazioni o la comunicazione o intraprendere l\u2019azione richiesta; oppure<\/li>\n<li>b) rifiutare di soddisfare la richiesta.<\/li>\n<\/ol>\n<p>Incombe al titolare del trattamento l\u2019onere di dimostrare il carattere manifestamente infondato o eccessivo della richiesta.<\/p>\n<p>Qualora il titolare del trattamento nutra ragionevoli dubbi circa l\u2019identit\u00e0 della persona fisica che presenta la richiesta di cui agli articoli da 15 a 21, pu\u00f2 richiedere ulteriori informazioni necessarie per confermare l\u2019identit\u00e0 dell\u2019interessato.<\/p>\n<p>Masciarelli Tenute Agricole Srl<\/p>\n\n\t\t<\/div>\n\t<\/div>\n\n\t\t\t<\/div> \n\t\t<\/div>\n\t<\/div> \n\n\t<div  class=\"vc_col-sm-2 wpb_column column_container vc_column_container col no-extra-padding\"  data-t-w-inherits=\"default\" data-border-radius=\"none\" data-shadow=\"none\" data-border-animation=\"\" data-border-animation-delay=\"\" data-border-width=\"none\" data-border-style=\"solid\" data-border-color=\"\" data-bg-cover=\"\" data-padding-pos=\"all\" data-has-bg-color=\"false\" data-bg-color=\"\" data-bg-opacity=\"1\" data-hover-bg=\"\" data-hover-bg-opacity=\"1\" data-animation=\"\" data-delay=\"0\"><div class=\"column-bg-overlay\"><\/div>\n\t\t<div class=\"vc_column-inner\">\n\t\t\t<div class=\"wpb_wrapper\">\n\t\t\t\t\n\t\t\t<\/div> \n\t\t<\/div>\n\t<\/div> \n<\/div><\/div>","protected":false},"excerpt":{"rendered":"PROCEDURA DIRITTI DELL'INTERESSATO AI SENSI DEGLI ARTICOLI DA 15 A 23 DEL REGOLAMENTO 679\/2016 Il Regolamento UE 679\/2016 sulla Protezione dei dati personali prevede tra i suoi punti cardine la...","protected":false},"author":2,"featured_media":0,"parent":3,"menu_order":0,"comment_status":"closed","ping_status":"closed","template":"","meta":[],"acf":[],"yoast_head":"<!-- This site is optimized with the Yoast SEO plugin v18.4.1 - https:\/\/yoast.com\/wordpress\/plugins\/seo\/ -->\n<title>Procedura e modulo diritti interessato - Masciarelli Tenute Agricole<\/title>\n<meta name=\"robots\" content=\"index, follow, max-snippet:-1, max-image-preview:large, max-video-preview:-1\" \/>\n<link rel=\"canonical\" href=\"https:\/\/www.masciarelli.it\/fr\/privacy-policy\/procedura-e-modulo-diritti-interessato\/\" \/>\n<meta property=\"og:locale\" content=\"fr_FR\" \/>\n<meta property=\"og:type\" content=\"article\" \/>\n<meta property=\"og:title\" content=\"Procedura e modulo diritti interessato - Masciarelli Tenute Agricole\" \/>\n<meta property=\"og:url\" content=\"https:\/\/www.masciarelli.it\/fr\/privacy-policy\/procedura-e-modulo-diritti-interessato\/\" \/>\n<meta property=\"og:site_name\" content=\"Masciarelli Tenute Agricole\" \/>\n<meta property=\"article:publisher\" content=\"https:\/\/www.facebook.com\/MasciarelliTenuteAgricole\/\" \/>\n<meta property=\"article:modified_time\" content=\"2021-05-11T19:55:59+00:00\" \/>\n<meta property=\"og:image\" content=\"https:\/\/www.masciarelli.it\/wp-content\/uploads\/2019\/03\/masciarelli-logo-home@2x.png\" \/>\n\t<meta property=\"og:image:width\" content=\"426\" \/>\n\t<meta property=\"og:image:height\" content=\"329\" \/>\n\t<meta property=\"og:image:type\" content=\"image\/png\" \/>\n<meta name=\"twitter:card\" content=\"summary_large_image\" \/>\n<meta name=\"twitter:site\" content=\"@masciarellivini\" \/>\n<meta name=\"twitter:label1\" content=\"Dur\u00e9e de lecture estim\u00e9e\" \/>\n\t<meta name=\"twitter:data1\" content=\"15 minutes\" \/>\n<script type=\"application\/ld+json\" class=\"yoast-schema-graph\">{\"@context\":\"https:\/\/schema.org\",\"@graph\":[{\"@type\":\"WebSite\",\"@id\":\"http:\/\/www.masciarelli.it\/ru\/#website\",\"url\":\"http:\/\/www.masciarelli.it\/ru\/\",\"name\":\"Masciarelli Tenute Agricole\",\"description\":\"Il profumo della mia terra, il sapore del mio vino\",\"potentialAction\":[{\"@type\":\"SearchAction\",\"target\":{\"@type\":\"EntryPoint\",\"urlTemplate\":\"http:\/\/www.masciarelli.it\/ru\/?s={search_term_string}\"},\"query-input\":\"required name=search_term_string\"}],\"inLanguage\":\"fr-FR\"},{\"@type\":\"WebPage\",\"@id\":\"https:\/\/www.masciarelli.it\/privacy-policy\/procedura-e-modulo-diritti-interessato\/#webpage\",\"url\":\"https:\/\/www.masciarelli.it\/privacy-policy\/procedura-e-modulo-diritti-interessato\/\",\"name\":\"Procedura e modulo diritti interessato - Masciarelli Tenute Agricole\",\"isPartOf\":{\"@id\":\"http:\/\/www.masciarelli.it\/ru\/#website\"},\"datePublished\":\"2019-05-24T06:42:23+00:00\",\"dateModified\":\"2021-05-11T19:55:59+00:00\",\"breadcrumb\":{\"@id\":\"https:\/\/www.masciarelli.it\/privacy-policy\/procedura-e-modulo-diritti-interessato\/#breadcrumb\"},\"inLanguage\":\"fr-FR\",\"potentialAction\":[{\"@type\":\"ReadAction\",\"target\":[\"https:\/\/www.masciarelli.it\/privacy-policy\/procedura-e-modulo-diritti-interessato\/\"]}]},{\"@type\":\"BreadcrumbList\",\"@id\":\"https:\/\/www.masciarelli.it\/privacy-policy\/procedura-e-modulo-diritti-interessato\/#breadcrumb\",\"itemListElement\":[{\"@type\":\"ListItem\",\"position\":1,\"name\":\"Home\",\"item\":\"https:\/\/www.masciarelli.it\/\"},{\"@type\":\"ListItem\",\"position\":2,\"name\":\"Privacy Policy\",\"item\":\"https:\/\/www.masciarelli.it\/privacy-policy\/\"},{\"@type\":\"ListItem\",\"position\":3,\"name\":\"Procedura e modulo diritti interessato\"}]}]}<\/script>\n<!-- \/ Yoast SEO plugin. -->","yoast_head_json":{"title":"Procedura e modulo diritti interessato - Masciarelli Tenute Agricole","robots":{"index":"index","follow":"follow","max-snippet":"max-snippet:-1","max-image-preview":"max-image-preview:large","max-video-preview":"max-video-preview:-1"},"canonical":"https:\/\/www.masciarelli.it\/fr\/privacy-policy\/procedura-e-modulo-diritti-interessato\/","og_locale":"fr_FR","og_type":"article","og_title":"Procedura e modulo diritti interessato - Masciarelli Tenute Agricole","og_url":"https:\/\/www.masciarelli.it\/fr\/privacy-policy\/procedura-e-modulo-diritti-interessato\/","og_site_name":"Masciarelli Tenute Agricole","article_publisher":"https:\/\/www.facebook.com\/MasciarelliTenuteAgricole\/","article_modified_time":"2021-05-11T19:55:59+00:00","og_image":[{"width":426,"height":329,"url":"https:\/\/www.masciarelli.it\/wp-content\/uploads\/2019\/03\/masciarelli-logo-home@2x.png","type":"image\/png"}],"twitter_card":"summary_large_image","twitter_site":"@masciarellivini","twitter_misc":{"Dur\u00e9e de lecture estim\u00e9e":"15 minutes"},"schema":{"@context":"https:\/\/schema.org","@graph":[{"@type":"WebSite","@id":"http:\/\/www.masciarelli.it\/ru\/#website","url":"http:\/\/www.masciarelli.it\/ru\/","name":"Masciarelli Tenute Agricole","description":"Il profumo della mia terra, il sapore del mio vino","potentialAction":[{"@type":"SearchAction","target":{"@type":"EntryPoint","urlTemplate":"http:\/\/www.masciarelli.it\/ru\/?s={search_term_string}"},"query-input":"required name=search_term_string"}],"inLanguage":"fr-FR"},{"@type":"WebPage","@id":"https:\/\/www.masciarelli.it\/privacy-policy\/procedura-e-modulo-diritti-interessato\/#webpage","url":"https:\/\/www.masciarelli.it\/privacy-policy\/procedura-e-modulo-diritti-interessato\/","name":"Procedura e modulo diritti interessato - Masciarelli Tenute Agricole","isPartOf":{"@id":"http:\/\/www.masciarelli.it\/ru\/#website"},"datePublished":"2019-05-24T06:42:23+00:00","dateModified":"2021-05-11T19:55:59+00:00","breadcrumb":{"@id":"https:\/\/www.masciarelli.it\/privacy-policy\/procedura-e-modulo-diritti-interessato\/#breadcrumb"},"inLanguage":"fr-FR","potentialAction":[{"@type":"ReadAction","target":["https:\/\/www.masciarelli.it\/privacy-policy\/procedura-e-modulo-diritti-interessato\/"]}]},{"@type":"BreadcrumbList","@id":"https:\/\/www.masciarelli.it\/privacy-policy\/procedura-e-modulo-diritti-interessato\/#breadcrumb","itemListElement":[{"@type":"ListItem","position":1,"name":"Home","item":"https:\/\/www.masciarelli.it\/"},{"@type":"ListItem","position":2,"name":"Privacy Policy","item":"https:\/\/www.masciarelli.it\/privacy-policy\/"},{"@type":"ListItem","position":3,"name":"Procedura e modulo diritti interessato"}]}]}},"_links":{"self":[{"href":"https:\/\/www.masciarelli.it\/fr\/wp-json\/wp\/v2\/pages\/2080"}],"collection":[{"href":"https:\/\/www.masciarelli.it\/fr\/wp-json\/wp\/v2\/pages"}],"about":[{"href":"https:\/\/www.masciarelli.it\/fr\/wp-json\/wp\/v2\/types\/page"}],"author":[{"embeddable":true,"href":"https:\/\/www.masciarelli.it\/fr\/wp-json\/wp\/v2\/users\/2"}],"replies":[{"embeddable":true,"href":"https:\/\/www.masciarelli.it\/fr\/wp-json\/wp\/v2\/comments?post=2080"}],"version-history":[{"count":0,"href":"https:\/\/www.masciarelli.it\/fr\/wp-json\/wp\/v2\/pages\/2080\/revisions"}],"up":[{"embeddable":true,"href":"https:\/\/www.masciarelli.it\/fr\/wp-json\/wp\/v2\/pages\/3"}],"wp:attachment":[{"href":"https:\/\/www.masciarelli.it\/fr\/wp-json\/wp\/v2\/media?parent=2080"}],"curies":[{"name":"wp","href":"https:\/\/api.w.org\/{rel}","templated":true}]}}